{"id":241,"date":"2016-10-22T08:46:33","date_gmt":"2016-10-22T06:46:33","guid":{"rendered":"http:\/\/www.kiv-tecklenburg.de\/wordpress\/?page_id=241"},"modified":"2023-08-13T07:29:31","modified_gmt":"2023-08-13T05:29:31","slug":"vorstand","status":"publish","type":"page","link":"https:\/\/www.kiv-tecklenburg.de\/wordpress\/vorstand\/","title":{"rendered":"Vorstand 1"},"content":{"rendered":"\n<p><strong>Gesch\u00e4ftsf\u00fchrender Vorstand:<\/strong><\/p>\n\n\n<p class=\"fett\"><img loading=\"lazy\" decoding=\"async\" class=\"alignleft\" src=\"https:\/\/kiv-tecklenburg.de\/vorstand\/leeker.jpg\" alt=\"\" width=\"121\" height=\"182\" \/><\/p>\n<p class=\"fett\"><strong>1<\/strong><strong>. Kreisv<\/strong><strong>orsitze<\/strong><strong>nder<\/strong><\/p>\n<div class=\"fett\">Thomas Leeker<\/div>\n<p class=\"fett\">Anschrift:<br \/>Schafberg 39<br \/>49492 Westerkappeln<br \/>Telefon: 05404-6057<br \/>E-Mail: thomas.leeker(at)gmx(dot)de<\/p>\n<p class=\"fett\">\u00a0<\/p>\n<p><strong>2. Kreisvorsitzender<\/strong><\/p>\n<div class=\"fett\"><img loading=\"lazy\" decoding=\"async\" class=\"size-full wp-image-381 alignleft\" src=\"https:\/\/www.kiv-tecklenburg.de\/wordpress\/wp-content\/uploads\/2021\/10\/noll.jpg\" alt=\"\" width=\"120\" height=\"180\" \/><strong>2. Kreisvorsitzender<\/strong><\/div>\n<p class=\"fett\">Andreas Noll<\/p>\n<p class=\"fett\">Anschrift:<br \/>Kienebrinkstr. 26<br \/>49525 Lengerich<br \/>Telefon: 0162-7019658<\/p>\n<p class=\"fett\">E-Mail: news(at)a-noll(dot)com<\/p>\n<p class=\"fett\"><img loading=\"lazy\" decoding=\"async\" class=\"alignleft\" src=\"https:\/\/kiv-tecklenburg.de\/vorstand\/laufer.jpg\" alt=\"\" width=\"123\" height=\"185\" \/><\/p>\n<p><strong>Kreisschriftf\u00fchrer und Kreis-BSV-Obmann, Schulungsreferent im Landesverband Westf\u00e4lischer und Lippischer Imker, Kreisschulungsimker und Kreisobmann f\u00fcr Bienengesundheit<br \/><\/strong><\/p>\n<div class=\"fett\">Robert Laufer<\/div>\n<p class=\"fett\">Anschrift:<br \/>Lintvenn 22<br \/>48346 Ostbevern-Brock<br \/>Telefon: 02532-957104<br \/>E-Mail: grewe-laufer(at)t-online(dot)de<\/p>\n<p><strong>Kreiskassenwartin<\/strong><\/p>\n<p class=\"fett\"><img loading=\"lazy\" decoding=\"async\" class=\"size-full wp-image-525 alignleft\" src=\"https:\/\/www.kiv-tecklenburg.de\/wordpress\/wp-content\/uploads\/2023\/08\/Beatrix-Pliet.gif\" alt=\"\" width=\"132\" height=\"180\" \/><strong>Kreiskassenwartin, Kreisobfrau f\u00fcr Bienenweidefachberatung, Schulungsreferentin im Landesverband Westf\u00e4lischer und Lippischer Imker<\/strong><\/p>\n<p class=\"fett\">Beatrix Pliet<\/p>\n<p>Anschrift:<br \/>An der Umfluth 138<br \/>49479 Ibbenb\u00fcren<\/p>\n<p>E-Mail: bpliet(at)t-online(dot)de<br \/>Telefon: 05451-96119<\/p>\n<p>\u00a0<\/p>\n<p><strong>Erweiteter Vorstand:<\/strong><\/p>\n<p>\u00a0<\/p>\n<p><strong>Kreis-Zuchtobmann &#8222;Buckfast&#8220;<br \/><\/strong><\/p>\n<div class=\"fett\">Andreas Martens<\/div>\n<p class=\"fett\">Anschrift:<br \/>Heuweg 17b<br \/>49545 Tecklenburg-Leeden<br \/>Telefon: 05405-80105<\/p>\n<p><strong>Kreis-Zuchtobmann &#8222;Carnica&#8220;<\/strong><\/p>\n<p>Dieter Oeljeklaus<\/p>\n<p>Alte Kronenburg 3<\/p>\n<p>49525 Lengerich<\/p>\n<p>Telefon: 05481-7264<\/p>\n<p>E-Mail: dieter(at)oeljeklaus.de<\/p>\n<p class=\"fett\"><img loading=\"lazy\" decoding=\"async\" class=\"alignleft\" src=\"https:\/\/www.kiv-tecklenburg.de\/wordpress\/wp-content\/uploads\/2016\/02\/Alexander-Machelett-200x300.jpg\" alt=\"alexander-machelett\" width=\"120\" height=\"180\" \/><\/p>\n<p><strong>K<\/strong><strong>reis-Honigobmann<\/strong><\/p>\n<div class=\"fett\">Alexander Machelett<\/div>\n<p class=\"fett\">Telefon: 0163-8359404<br \/>E-Mail: Alexander-Machelett(at)web(dot)de<\/p>\n<p class=\"fett\"><strong>\u00a0<\/strong><\/p>\n<p class=\"fett\">\u00a0<\/p>\n<p class=\"fett\"><strong>Vorsitzende der Ortsvereine:<\/strong><\/p>\n<p class=\"fett\">\u00a0<strong>OV Mettingen:<\/strong><\/p>\n<div class=\"fett\"><img loading=\"lazy\" decoding=\"async\" class=\"alignleft\" src=\"https:\/\/www.kiv-tecklenburg.de\/wordpress\/wp-content\/uploads\/2016\/02\/baar.jpg\" alt=\"baar\" width=\"120\" height=\"180\" \/><\/div>\n<p class=\"fett\"><strong>1. Vorsitzender<\/strong><\/p>\n<p>Michael Baar<br \/>Anschrift:<br \/>Zur Heinrichsh\u00f6he 8<br \/>49497 Mettingen<br \/>Telefon: 05452-4550<br \/>E-Mail: dennis-baar(at)web(dot)de<\/p>\n<p class=\"fett\"><a href=\"https:\/\/www.imkerei-priestertum.de\/Table\/Imkerverein-Mettingen\">Webseite<\/a><\/p>\n<p class=\"fett\">\u00a0<strong>OV Westerkappeln:<\/strong><\/p>\n<div class=\"fett\">\u00a0<\/div>\n<p class=\"fett\"><img loading=\"lazy\" decoding=\"async\" class=\"alignleft\" src=\"https:\/\/kiv-tecklenburg.de\/vorstand\/leeker.jpg\" alt=\"\" width=\"121\" height=\"182\" \/><strong>1<\/strong><strong>. Vorsitzender<br \/><\/strong><\/p>\n<div class=\"fett\">Thomas Leeker<\/div>\n<p class=\"fett\">Anschrift:<br \/>Schafberg 39<br \/>49492 Westerkappeln<br \/>Telefon: 05404-6057<br \/>E-Mail: thomas.leeker(at)gmx(dot)de<\/p>\n<p><strong>OV Ibbenb\u00fcren:<\/strong><\/p>\n<div class=\"fett\"><img loading=\"lazy\" decoding=\"async\" class=\"size-full wp-image-162 alignleft\" src=\"https:\/\/www.kiv-tecklenburg.de\/wordpress\/wp-content\/uploads\/2016\/02\/pliet.jpg\" alt=\"pliet\" width=\"120\" height=\"180\" \/><\/div>\n<p><strong>1. Vorsitzender<\/strong><\/p>\n<div class=\"fett\">Reinhold Pliet<\/div>\n<p class=\"fett\">Anschrift:<br \/>An der Umfluth 138<br \/>49479 Ibbenb\u00fcren<br \/>Telefon: 05451-96119<br \/>E-Mail: pliet(at)imkerverein-ibbenbueren(dot)de<\/p>\n<p><a href=\"https:\/\/www.imkerverein-ibbenbueren.de\/\">Webseite<\/a><\/p>\n<p class=\"fett\"><strong>OV Lengerich:<\/strong><\/p>\n<div class=\"fett\">\n<p class=\"fett\"><img loading=\"lazy\" decoding=\"async\" class=\"size-full wp-image-381 alignleft\" src=\"https:\/\/www.kiv-tecklenburg.de\/wordpress\/wp-content\/uploads\/2021\/10\/noll.jpg\" alt=\"\" width=\"120\" height=\"180\" \/><\/p>\n<p><strong>1. Vorsitzender<\/strong><\/p>\n<div class=\"fett\">Andreas Noll<\/div>\n<p class=\"fett\">Anschrift:<br \/>Kienebrinkstr. 26<br \/>49525 Lengerich<br \/>Telefon: 0162-7019658<br \/>E-Mail: kontakt(at)imkerverein-lengerich(dot)de<\/p>\n<p class=\"fett\"><a href=\"https:\/\/www.imkerverein-lengerich.de\">Webseite<\/a><\/p>\n<\/div>\n<div class=\"fett\">\n<p class=\"fett\"><strong>OV Kattenvenne:<\/strong><\/p>\n<p class=\"fett\"><img loading=\"lazy\" decoding=\"async\" class=\"size-full wp-image-396 alignleft\" src=\"https:\/\/www.kiv-tecklenburg.de\/wordpress\/wp-content\/uploads\/2023\/07\/Simon-Samson.jpg\" alt=\"\" width=\"120\" height=\"178\" \/><\/p>\n<p><strong>1. Vorsitzender<\/strong><\/p>\n<div class=\"fett\">SImon Samson<\/div>\n<p class=\"fett\">Anschrift:<br \/>Zur Sandgrunbe 22<br \/>49525 Lengerich<br \/>Telefon: 01774-726116<br \/>E-Mail: Simon.Samson(at)web(dot)de<\/p>\n<p class=\"fett\"><a href=\"https:\/\/www.imkerverein-kattenvenne.de\/\">Webseite<\/a><\/p>\n<p class=\"fett\">\u00a0<\/p>\n<\/div>\n<div class=\"fett\">\u00a0<\/div>\n<div class=\"fett\">\n<div class=\"fett\">Stand: 05.07.2023<\/div>\n<\/div>","protected":false},"excerpt":{"rendered":"<p>Gesch\u00e4ftsf\u00fchrender Vorstand: 1. Kreisvorsitzender Thomas Leeker Anschrift:Schafberg 3949492 WesterkappelnTelefon: 05404-6057E-Mail: thomas.leeker(at)gmx(dot)de \u00a0 2. Kreisvorsitzender 2. Kreisvorsitzender Andreas Noll Anschrift:Kienebrinkstr. 2649525 LengerichTelefon: 0162-7019658 E-Mail: news(at)a-noll(dot)com Kreisschriftf\u00fchrer und Kreis-BSV-Obmann, Schulungsreferent im Landesverband Westf\u00e4lischer und Lippischer Imker, Kreisschulungsimker und Kreisobmann f\u00fcr Bienengesundheit Robert Laufer Anschrift:Lintvenn 2248346 Ostbevern-BrockTelefon: 02532-957104E-Mail: grewe-laufer(at)t-online(dot)de Kreiskassenwartin Kreiskassenwartin, Kreisobfrau f\u00fcr Bienenweidefachberatung, Schulungsreferentin im Landesverband Westf\u00e4lischer und Lippischer Imker Beatrix Pliet&#8230; <a href=\"https:\/\/www.kiv-tecklenburg.de\/wordpress\/vorstand\/\">Read more &raquo;<\/a><\/p>\n","protected":false},"author":1,"featured_media":0,"parent":0,"menu_order":0,"comment_status":"closed","ping_status":"closed","template":"","meta":{"footnotes":""},"class_list":["post-241","page","type-page","status-publish","hentry"],"_links":{"self":[{"href":"https:\/\/www.kiv-tecklenburg.de\/wordpress\/wp-json\/wp\/v2\/pages\/241","targetHints":{"allow":["GET"]}}],"collection":[{"href":"https:\/\/www.kiv-tecklenburg.de\/wordpress\/wp-json\/wp\/v2\/pages"}],"about":[{"href":"https:\/\/www.kiv-tecklenburg.de\/wordpress\/wp-json\/wp\/v2\/types\/page"}],"author":[{"embeddable":true,"href":"https:\/\/www.kiv-tecklenburg.de\/wordpress\/wp-json\/wp\/v2\/users\/1"}],"replies":[{"embeddable":true,"href":"https:\/\/www.kiv-tecklenburg.de\/wordpress\/wp-json\/wp\/v2\/comments?post=241"}],"version-history":[{"count":35,"href":"https:\/\/www.kiv-tecklenburg.de\/wordpress\/wp-json\/wp\/v2\/pages\/241\/revisions"}],"predecessor-version":[{"id":575,"href":"https:\/\/www.kiv-tecklenburg.de\/wordpress\/wp-json\/wp\/v2\/pages\/241\/revisions\/575"}],"wp:attachment":[{"href":"https:\/\/www.kiv-tecklenburg.de\/wordpress\/wp-json\/wp\/v2\/media?parent=241"}],"curies":[{"name":"wp","href":"https:\/\/api.w.org\/{rel}","templated":true}]}}